{"id":38,"date":"2017-05-12T17:03:44","date_gmt":"2017-05-12T17:03:44","guid":{"rendered":"http:\/\/vollwertferien.de\/?page_id=38"},"modified":"2019-09-25T15:34:08","modified_gmt":"2019-09-25T15:34:08","slug":"sonstiges","status":"publish","type":"page","link":"https:\/\/vollwertferien.de\/?page_id=38","title":{"rendered":"Sonstiges"},"content":{"rendered":"<p><strong>Interessante Internetseiten von unseren Partnern bzw. Themen, die lesenswert sind<\/strong><\/p>\n<p><u><b>Aus der Region und aktuelles:<\/b><\/u><\/p>\n<ul>\n<li>\u00a0Tourismus Okzitanien\u00a0<a href=\"http:\/\/www.tourismus-okzitanien.de\/\">http:\/\/www.tourismus-okzitanien.de\/<\/a><\/li>\n<li>\u00a0Keramik Werkst\u00e4tte und einer der sch\u00f6nsten G\u00e4rten 4 ha Frankreichs <a href=\"http:\/\/www.poterie.fr\/\"> http:\/\/www.poterie.fr<\/a><\/li>\n<li>\u00a0Laufcamp in Salerm f\u00fcr Anf\u00e4nger und Fortgeschrittene www.laufschule-mueller.com\u00a0<\/li>\n<li>\u00a0Kitesurfen lernen einfach, sicher und schnell <a href=\"http:\/\/www.kite-fun.eu\/\" target=\"_blank\" rel=\"noopener noreferrer\"> http:\/\/www.kite-fun.eu<\/a><\/li>\n<\/ul>\n<p><u><b>Wissenswertes:<\/b><\/u><\/p>\n<p>Der Vegetarier Bund Deutschland e.V. http:\/\/www.proveg.com\u00a0<\/p>\n<ul>\n<li style=\"list-style-type: none;\">\n<ul>\n<li>\u00a0Besser Leben <a href=\"http:\/\/www.kent-depesche.com\/\" target=\"_blank\" rel=\"noopener noreferrer\">http:\/\/www.kent-depesche.com\/<\/a><\/li>\n<li>\u00a0Gesellschaft f\u00fcr Gesundheitsberatung GGB e.V. <a href=\"http:\/\/www.ggb-lahnstein.de\/\" target=\"_blank\" rel=\"noopener noreferrer\">http:\/\/www.ggb-lahnstein.de\/<\/a><\/li>\n<li>\u00a0Ernsthafte und Wissenswerte Links <a href=\"http:\/\/www.serious-technology.de\/links.htm\" target=\"_blank\" rel=\"noopener noreferrer\">http:\/\/www.serious-technology.de\/links.htm<\/a><\/li>\n<li>\u00a0Arbeiten mit Naturwissenschaften <a href=\"http:\/\/www.seilnacht.com\/index.htm\" target=\"_blank\" rel=\"noopener noreferrer\">http:\/\/www.seilnacht.com\/index.htm<\/a><\/li>\n<li>\u00a0Zeitenwende 2012 <a href=\"http:\/\/www.future-watch.org\/Deutsch\/Zeitenwende\/Auszuege\/DasJahr2012\/index.htm\"> http:\/\/www.future-watch.org<\/a><\/li>\n<li>\u00a0Bio Lebensmittel online <a href=\"http:\/\/www.bringmirbio.de\/\"> http:\/\/www.bringmirbio.de<\/a><\/li>\n<li>\u00a0Das \u00d6koportal <a href=\"http:\/\/oekoportal.de\/\"> http:\/\/oekoportal.de<\/a><\/li>\n<li>pro vegan Stiftung Dr. med Henrich www.provegan.info\u00a0<\/li>\n<li>vegetarisch\/vegan einkaufen www.alles-vegetarisch.de<\/li>\n<li>vegan einkaufen www.KoRodrogerie.de\u00a0<\/li>\n<li>Tee-Einkauf preiswert + gut www.comcol.de\u00a0<\/li>\n<li>Krankheiten &#8222;#Die Natur heilt&#8220; www.naturheilt.com\u00a0<\/li>\n<\/ul>\n<\/li>\n<\/ul>\n<p><u><b>Alternativ Urlaub International:<\/b><\/u><\/p>\n<ul>\n<li>\u00a0Alternativ Urlaub am Bodensee <a href=\"http:\/\/www.haus-sonnenstein.de\/\" target=\"_blank\" rel=\"noopener noreferrer\">http:\/\/www.haus-sonnenstein.de<\/a><\/li>\n<li>\u00a0Veggie Hotels <a href=\"http:\/\/www.veggie-hotels.de\/\" target=\"_blank\" rel=\"noopener noreferrer\">http:\/\/www.veggie-hotels.de<\/a><\/li>\n<li>\u00a0Bio Natur Urlaub\u00a0 <a href=\"http:\/\/www.bio-natur-urlaub.de\/\">http:\/\/www.bio-natur-urlaub.de<\/a><\/li>\n<li>\u00a0Natur &amp; Bio Urlaub in Deutschland, \u00d6sterreich und der Schweiz <a href=\"http:\/\/www.natur-urlaub.org\/\"> www.natur-urlaub.org<\/a><\/li>\n<\/ul>\n<ul>\n<li>\u00a0<i>&gt;&gt; hier k\u00f6nnte Ihr Link stehen, sprechen Sie uns an !!! &gt;&gt;<\/i><\/li>\n<\/ul>\n<p>\u00a0<\/p>\n<p><strong>Das muss ich sehen:\u00a0\u00a0\u00a0\u00a0\u00a0\u00a0\u00a0 <\/strong><a href=\"http:\/\/www.france-voyage.com\/\">www.france-voyage.com<\/a><strong>\u00a0\u00a0\u00a0\u00a0\u00a0\u00a0\u00a0\u00a0 \u00a0\u00a0\u00a0\u00a0\u00a0\u00a0\u00a0\u00a0\u00a0\u00a0\u00a0\u00a0\u00a0\u00a0\u00a0\u00a0\u00a0\u00a0\u00a0\u00a0\u00a0\u00a0\u00a0\u00a0\u00a0\u00a0\u00a0\u00a0\u00a0\u00a0\u00a0\u00a0\u00a0\u00a0\u00a0\u00a0\u00a0\u00a0\u00a0\u00a0\u00a0\u00a0\u00a0\u00a0 Entfernungen ca. in Km<\/strong><\/p>\n<p>Unsere heilige Quelle im Nachbarort Saint Franjou\u00a0\u00a0\u00a0\u00a0\u00a0\u00a0\u00a0\u00a0\u00a0\u00a0\u00a0\u00a0\u00a0\u00a0\u00a0\u00a0\u00a0\u00a0\u00a0\u00a0\u00a0\u00a0\u00a0\u00a0\u00a0\u00a0\u00a0\u00a0\u00a0\u00a0\u00a0\u00a0\u00a0\u00a0\u00a0\u00a0\u00a0\u00a0\u00a0\u00a0\u00a0\u00a0\u00a0\u00a0\u00a0\u00a0\u00a0\u00a0\u00a0\u00a0\u00a0\u00a0\u00a0\u00a0\u00a0\u00a0\u00a0\u00a0\u00a0\u00a0\u00a0\u00a0\u00a0\u00a0\u00a0\u00a0\u00a0\u00a0\u00a0\u00a0\u00a0\u00a0 \u00a0\u00a0\u00a0\u00a0\u00a0\u00a0\u00a0\u00a0\u00a0\u00a0\u00a0\u00a0\u00a0\u00a0\u00a0 7<\/p>\n<p>Saint Franjou \/ auf dem Wasserpumpenhaus \/ 360\u00b0 Rundumsicht\u00a0\u00a0\u00a0\u00a0\u00a0\u00a0\u00a0\u00a0\u00a0\u00a0 \u00a0\u00a0\u00a0\u00a0\u00a0\u00a0\u00a0\u00a0\u00a0\u00a0\u00a0\u00a0\u00a0\u00a0\u00a0\u00a0\u00a0\u00a0\u00a0\u00a0\u00a0\u00a0\u00a0\u00a0\u00a0\u00a0\u00a0\u00a0\u00a0\u00a0 \u00a0\u00a0\u00a0\u00a0\u00a0\u00a0\u00a0\u00a0 \u00a0\u00a0\u00a0\u00a0\u00a0\u00a0\u00a0 10<\/p>\n<p>Forstgebiet mit Stausee im Nachbartal Fabas \/ St. Andre\u00a0\u00a0\u00a0\u00a0\u00a0\u00a0\u00a0\u00a0\u00a0\u00a0\u00a0\u00a0\u00a0\u00a0\u00a0\u00a0\u00a0\u00a0\u00a0\u00a0\u00a0\u00a0\u00a0\u00a0\u00a0\u00a0\u00a0\u00a0\u00a0\u00a0\u00a0\u00a0\u00a0\u00a0\u00a0\u00a0\u00a0\u00a0\u00a0\u00a0\u00a0\u00a0\u00a0\u00a0\u00a0\u00a0\u00a0\u00a0\u00a0\u00a0\u00a0\u00a0\u00a0\u00a0\u00a0\u00a0\u00a0\u00a0\u00a0\u00a0 \u00a0\u00a0\u00a0\u00a0\u00a0\u00a0\u00a0\u00a0\u00a0\u00a0\u00a0 \u00a0\u00a0\u00a0\u00a0\u00a0 4<\/p>\n<p>Jeden Montag-Vormittag gro\u00dfer Markt in Samatan\u00a0\u00a0\u00a0\u00a0\u00a0\u00a0\u00a0\u00a0\u00a0\u00a0\u00a0\u00a0\u00a0\u00a0\u00a0\u00a0\u00a0\u00a0\u00a0\u00a0\u00a0\u00a0\u00a0\u00a0\u00a0\u00a0\u00a0\u00a0\u00a0\u00a0\u00a0\u00a0\u00a0\u00a0\u00a0\u00a0\u00a0\u00a0 \u00a0\u00a0\u00a0\u00a0\u00a0\u00a0\u00a0\u00a0\u00a0\u00a0\u00a0\u00a0\u00a0\u00a0\u00a0 \u00a0\u00a0\u00a0\u00a0\u00a0\u00a0\u00a0\u00a0\u00a0\u00a0\u00a0\u00a0\u00a0\u00a0\u00a0 \u00a0\u00a0\u00a0\u00a0\u00a0\u00a0\u00a0\u00a0\u00a0\u00a0\u00a0\u00a0\u00a0\u00a0\u00a0 25<\/p>\n<p>Jeden Samstag-Vormittag kleiner Markt in L\u2019Isle en Dodon\u00a0\u00a0\u00a0\u00a0\u00a0\u00a0\u00a0\u00a0\u00a0\u00a0\u00a0\u00a0\u00a0\u00a0\u00a0\u00a0\u00a0\u00a0\u00a0\u00a0\u00a0\u00a0\u00a0\u00a0\u00a0\u00a0\u00a0\u00a0\u00a0\u00a0\u00a0\u00a0\u00a0\u00a0\u00a0\u00a0\u00a0\u00a0\u00a0\u00a0\u00a0\u00a0\u00a0\u00a0\u00a0\u00a0\u00a0\u00a0\u00a0\u00a0\u00a0\u00a0\u00a0\u00a0\u00a0\u00a0\u00a0\u00a0\u00a0\u00a0\u00a0\u00a0\u00a0\u00a0\u00a0\u00a0\u00a0\u00a0\u00a0\u00a0\u00a0 15<\/p>\n<p>Die sch\u00f6nsten G\u00e4rten Frankreichs \/ Fam. Hillen bei Boulogne sur Gesse \/ <a href=\"http:\/\/www.poterie.fr\/\">www.poterie.fr<\/a>\u00a0\u00a0\u00a0\u00a0\u00a0\u00a0\u00a0\u00a0\u00a0\u00a0\u00a0\u00a0\u00a0\u00a0\u00a0 \u00a020<\/p>\n<p>Ruine von Aurignac mit Aussichtsturm\/ nur bei klarer Sicht \/ Di. + Sa. Markttag<\/p>\n<p><a href=\"http:\/\/www.france-voyage.com\/frankreich-gemeinden\/aurignac-10010.htm\">www.france-voyage.com\/frankreich-gemeinden\/<strong>aurignac<\/strong>-10010.htm<\/a>\u00a0\u00a0\u00a0\u00a0\u00a0\u00a0\u00a0\u00a0\u00a0\u00a0\u00a0\u00a0\u00a0\u00a0\u00a0\u00a0\u00a0\u00a0\u00a0\u00a0\u00a0\u00a0\u00a0\u00a0\u00a0\u00a0\u00a0\u00a0\u00a0\u00a0\u00a0\u00a0\u00a0\u00a0\u00a0\u00a0\u00a0\u00a0\u00a0\u00a0\u00a0\u00a0\u00a0\u00a0\u00a0\u00a0\u00a0\u00a0\u00a0 20<\/p>\n<p>Mountmaurin \/ die Schlucht + La Villa Gallo-Romaine \/ <a href=\"http:\/\/www.montmaurin.fr\/\">www.montmaurin.fr<\/a> \u00a0\u00a0\u00a0\u00a0\u00a0\u00a0\u00a0\u00a0\u00a0\u00a0\u00a0\u00a0\u00a0\u00a0\u00a0 \u00a0\u00a0\u00a0\u00a0\u00a0\u00a0\u00a0\u00a0\u00a0\u00a0\u00a0\u00a0\u00a0\u00a0\u00a0\u00a0\u00a0\u00a0\u00a0 \u00a020<\/p>\n<p>St. Gaudens \/ alte Kirche + Stadtbummel \/ Do. Markttag\u00a0\u00a0\u00a0\u00a0\u00a0\u00a0\u00a0\u00a0\u00a0\u00a0\u00a0\u00a0\u00a0\u00a0\u00a0\u00a0\u00a0\u00a0\u00a0\u00a0\u00a0\u00a0\u00a0\u00a0\u00a0\u00a0\u00a0\u00a0\u00a0\u00a0\u00a0\u00a0\u00a0\u00a0\u00a0\u00a0\u00a0\u00a0\u00a0\u00a0\u00a0\u00a0\u00a0\u00a0\u00a0\u00a0\u00a0\u00a0\u00a0\u00a0\u00a0\u00a0\u00a0\u00a0\u00a0\u00a0\u00a0\u00a0\u00a0\u00a0\u00a0\u00a0\u00a0\u00a0\u00a0\u00a0\u00a0\u00a0\u00a0\u00a0\u00a0\u00a0\u00a0\u00a0\u00a0 35<\/p>\n<p>St. Bertrand \/ uralte Kathedrale + r\u00f6mische Ausgrabungsst\u00e4tten \/ Thermen<\/p>\n<p><a href=\"http:\/\/www.cathedrale-saint-bertrand.org\/\">www.cathedrale-saint-bertrand.org<\/a>\u00a0\u00a0\u00a0\u00a0\u00a0\u00a0\u00a0\u00a0\u00a0\u00a0\u00a0\u00a0\u00a0\u00a0\u00a0\u00a0\u00a0\u00a0\u00a0\u00a0\u00a0\u00a0\u00a0\u00a0\u00a0\u00a0\u00a0\u00a0\u00a0\u00a0\u00a0\u00a0\u00a0\u00a0\u00a0\u00a0\u00a0\u00a0\u00a0\u00a0\u00a0\u00a0\u00a0\u00a0\u00a0\u00a0\u00a0\u00a0\u00a0\u00a0\u00a0\u00a0\u00a0\u00a0\u00a0\u00a0\u00a0\u00a0\u00a0\u00a0\u00a0\u00a0\u00a0\u00a0\u00a0\u00a0\u00a0\u00a0\u00a0\u00a0\u00a0\u00a0\u00a0\u00a0\u00a0\u00a0\u00a0\u00a0\u00a0\u00a0\u00a0\u00a0\u00a0\u00a0\u00a0\u00a0\u00a0\u00a0\u00a0\u00a0\u00a0\u00a0\u00a0\u00a0\u00a0\u00a0\u00a0\u00a0\u00a0\u00a0\u00a0\u00a0\u00a0\u00a0\u00a0\u00a0\u00a0\u00a0\u00a0\u00a0\u00a0\u00a0\u00a0\u00a055<\/p>\n<p>Luchon,\u00a0Wanderungen im Val\u00e9e du Lys,\u00a0\u00a0Hospice de France, Lac d\u2019Oo&#8230; \/ <a href=\"http:\/\/www.luchon.fr\/\">www.luchon.fr<\/a>\u00a0\u00a0\u00a0\u00a0\u00a0\u00a0\u00a0\u00a0\u00a0\u00a0\u00a0\u00a0\u00a0\u00a0\u00a0\u00a0 \u00a078<\/p>\n<p>Toulouse \/ Stadtbummel, Place de Opera mit marie Besichtigung ,<\/p>\n<p>Bootsfahrt durch den Kanal de Midi \/ <a href=\"http:\/\/www.toulouse-tourisme.com\/\">www.toulouse-tourisme.com<\/a> \u00a0\u00a0\u00a0\u00a0\u00a0\u00a0\u00a0\u00a0\u00a0\u00a0\u00a0\u00a0\u00a0\u00a0\u00a0\u00a0\u00a0\u00a0\u00a0\u00a0\u00a0\u00a0\u00a0\u00a0\u00a0\u00a0\u00a0\u00a0\u00a0\u00a0\u00a0\u00a0\u00a0\u00a0\u00a0\u00a0\u00a0\u00a0\u00a0\u00a0\u00a0\u00a0\u00a0\u00a0\u00a0\u00a0\u00a0\u00a0\u00a0\u00a0\u00a0\u00a0\u00a0\u00a0 80<\/p>\n<p>Toulouse \/ Aerospace \/ <a href=\"http:\/\/www.cite-espace.com\/\">www.cite-espace.com<\/a> \u00a0\u00a0\u00a0\u00a0\u00a0\u00a0\u00a0\u00a0\u00a0\u00a0\u00a0\u00a0\u00a0\u00a0\u00a0\u00a0\u00a0\u00a0\u00a0\u00a0\u00a0\u00a0\u00a0\u00a0\u00a0\u00a0\u00a0\u00a0\u00a0\u00a0\u00a0\u00a0\u00a0\u00a0\u00a0\u00a0\u00a0\u00a0\u00a0\u00a0\u00a0\u00a0\u00a0\u00a0\u00a0\u00a0\u00a0\u00a0\u00a0\u00a0\u00a0\u00a0\u00a0\u00a0\u00a0\u00a0\u00a0\u00a0\u00a0\u00a0\u00a0\u00a0 \u00a0\u00a0\u00a0\u00a0\u00a0\u00a0\u00a0\u00a0\u00a0\u00a0\u00a0\u00a0\u00a0\u00a0\u00a0 \u00a0\u00a0\u00a0\u00a0\u00a0\u00a0\u00a0\u00a0\u00a0\u00a0\u00a0\u00a0\u00a0\u00a0\u00a0 80<\/p>\n<p>Toulouse \/ Airbus \u2013 Besichtigung, nur mit Voranmeldung \/ <a href=\"http:\/\/www.manatour.fr\/\">www.manatour.fr<\/a><\/p>\n<p><strong>Das k\u00f6nnte ich noch besuchen:<\/strong><\/p>\n<p>Wallfahrtsort Lourdes + Grotte \u00a0\u00a0\u00a0\u00a0\u00a0\u00a0\u00a0\u00a0\u00a0\u00a0\u00a0\u00a0\u00a0\u00a0\u00a0\u00a0\u00a0\u00a0\u00a0\u00a0\u00a0\u00a0\u00a0\u00a0\u00a0\u00a0\u00a0\u00a0\u00a0\u00a0\u00a0\u00a0\u00a0\u00a0\u00a0\u00a0\u00a0\u00a0\u00a0\u00a0\u00a0\u00a0\u00a0\u00a0\u00a0\u00a0\u00a0\u00a0\u00a0\u00a0\u00a0\u00a0\u00a0\u00a0\u00a0\u00a0\u00a0\u00a0\u00a0\u00a0\u00a0\u00a0\u00a0\u00a0\u00a0\u00a0\u00a0\u00a0\u00a0\u00a0\u00a0\u00a0\u00a0\u00a0\u00a0\u00a0\u00a0\u00a0 \u00a0\u00a0\u00a0\u00a0\u00a0\u00a0\u00a0\u00a0\u00a0\u00a0\u00a0\u00a0\u00a0\u00a0\u00a0\u00a0\u00a0\u00a0\u00a0\u00a0\u00a0\u00a0\u00a0\u00a0\u00a0\u00a0\u00a0\u00a0\u00a0\u00a0\u00a0\u00a0\u00a0\u00a0\u00a0\u00a0\u00a0\u00a0\u00a0\u00a0\u00a0\u00a0\u00a0 103<\/p>\n<p>Spanien \/ Vielha\u00a0\u00a0\u00a0\u00a0\u00a0\u00a0\u00a0\u00a0\u00a0\u00a0\u00a0\u00a0\u00a0\u00a0\u00a0\u00a0\u00a0\u00a0\u00a0\u00a0\u00a0\u00a0\u00a0\u00a0\u00a0\u00a0\u00a0\u00a0\u00a0\u00a0\u00a0\u00a0\u00a0\u00a0\u00a0\u00a0\u00a0\u00a0\u00a0\u00a0\u00a0\u00a0\u00a0\u00a0\u00a0\u00a0\u00a0\u00a0\u00a0\u00a0\u00a0\u00a0\u00a0\u00a0\u00a0\u00a0\u00a0\u00a0\u00a0\u00a0\u00a0\u00a0\u00a0\u00a0\u00a0\u00a0\u00a0\u00a0\u00a0\u00a0\u00a0\u00a0\u00a0\u00a0\u00a0\u00a0\u00a0\u00a0\u00a0\u00a0\u00a0\u00a0\u00a0\u00a0\u00a0\u00a0\u00a0\u00a0\u00a0\u00a0\u00a0\u00a0\u00a0\u00a0\u00a0\u00a0\u00a0\u00a0\u00a0\u00a0\u00a0\u00a0\u00a0\u00a0\u00a0\u00a0\u00a0\u00a0\u00a0\u00a0\u00a0\u00a0\u00a0\u00a0\u00a0\u00a0\u00a0\u00a0\u00a0\u00a0\u00a0\u00a0\u00a0\u00a0\u00a0\u00a0\u00a0\u00a0\u00a0\u00a0\u00a0\u00a0\u00a0\u00a0\u00a0\u00a0\u00a0\u00a0\u00a0\u00a0\u00a0\u00a0\u00a0\u00a0\u00a0\u00a0\u00a0\u00a0\u00a0\u00a0\u00a0\u00a0\u00a099<\/p>\n<p>Pyren\u00e4en mit Cirque de Gavarnie + Breche de Roland\u00a0\u00a0\u00a0\u00a0\u00a0\u00a0\u00a0\u00a0\u00a0\u00a0\u00a0\u00a0\u00a0\u00a0\u00a0\u00a0\u00a0\u00a0\u00a0\u00a0\u00a0\u00a0\u00a0\u00a0\u00a0\u00a0\u00a0\u00a0\u00a0\u00a0\u00a0\u00a0\u00a0\u00a0\u00a0 \u00a0\u00a0\u00a0\u00a0\u00a0\u00a0\u00a0\u00a0\u00a0\u00a0\u00a0\u00a0\u00a0\u00a0\u00a0 \u00a0\u00a0\u00a0\u00a0\u00a0\u00a0\u00a0\u00a0\u00a0\u00a0\u00a0\u00a0\u00a0\u00a0\u00a0 \u00a0\u00a0\u00a0\u00a0\u00a0\u00a0\u00a0\u00a0\u00a0\u00a0\u00a0\u00a0\u00a0\u00a0 140<\/p>\n<p>Auch \/ Denkmal vom Musketier D\u2019Artagnan + Altstadtbummel\u00a0\u00a0\u00a0\u00a0\u00a0\u00a0\u00a0\u00a0\u00a0\u00a0\u00a0\u00a0\u00a0\u00a0\u00a0\u00a0 \u00a0\u00a0\u00a0\u00a0\u00a0\u00a0\u00a0\u00a0\u00a0\u00a0\u00a0\u00a0\u00a0\u00a0\u00a0 \u00a0\u00a0\u00a0\u00a0\u00a0\u00a0\u00a0\u00a0\u00a0\u00a0\u00a0\u00a0\u00a0\u00a0\u00a0 \u00a0\u00a0\u00a0\u00a0\u00a0\u00a0\u00a0\u00a0\u00a0\u00a0\u00a0\u00a0\u00a0\u00a0\u00a0\u00a0\u00a0 \u00a057<\/p>\n<p>Rieumes \/ Kletterpark in den Baumwipfeln, nicht nur f\u00fcr die Kleinen\u00a0\u00a0\u00a0\u00a0\u00a0 \u00a0\u00a0\u00a0\u00a0\u00a0\u00a0\u00a0\u00a0\u00a0\u00a0\u00a0\u00a0\u00a0\u00a0\u00a0 \u00a0\u00a0\u00a0\u00a0\u00a0\u00a0\u00a0\u00a0\u00a0\u00a0\u00a0\u00a0\u00a0\u00a0\u00a0 \u00a0\u00a0\u00a0\u00a0\u00a0\u00a0\u00a0\u00a0\u00a0\u00a0\u00a0\u00a0\u00a0\u00a0\u00a0\u00a0\u00a0 \u00a035<\/p>\n<p><strong>\u00a0<\/strong><\/p>\n<p><strong>Das auch, aber nur wenn die Zeit reicht:\u00a0\u00a0\u00a0\u00a0 <\/strong><\/p>\n<p>Mittelmeer \/ Stadtbummel in Perpignan, Narbonne\u00a0&#8230;\u00a0\u00a0\u00a0\u00a0\u00a0\u00a0\u00a0\u00a0 \u00a0\u00a0\u00a0\u00a0\u00a0\u00a0\u00a0\u00a0\u00a0\u00a0\u00a0\u00a0\u00a0\u00a0\u00a0\u00a0\u00a0\u00a0\u00a0\u00a0\u00a0\u00a0\u00a0\u00a0\u00a0\u00a0\u00a0\u00a0\u00a0\u00a0\u00a0\u00a0\u00a0\u00a0\u00a0\u00a0\u00a0\u00a0\u00a0\u00a0\u00a0\u00a0\u00a0\u00a0\u00a0\u00a0\u00a0\u00a0\u00a0\u00a0\u00a0\u00a0\u00a0\u00a0\u00a0\u00a0\u00a0\u00a0\u00a0\u00a0\u00a0\u00a0\u00a0\u00a0\u00a0\u00a0\u00a0\u00a0\u00a0\u00a0\u00a0 \u00a0230<\/p>\n<p>Atlantik \/ Biarritz, San Sebastian, Sandd\u00fcnen und Str\u00e4nde von Arcachon\u00a0\u00a0\u00a0\u00a0\u00a0\u00a0\u00a0\u00a0\u00a0\u00a0\u00a0\u00a0\u00a0\u00a0\u00a0\u00a0\u00a0\u00a0\u00a0\u00a0\u00a0\u00a0\u00a0\u00a0\u00a0\u00a0\u00a0\u00a0\u00a0\u00a0\u00a0\u00a0\u00a0\u00a0\u00a0\u00a0\u00a0\u00a0\u00a0\u00a0\u00a0\u00a0\u00a0\u00a0\u00a0\u00a0\u00a0240<\/p>\n<p>Tour de France im Juli jeden Jahres \u2026<\/p>\n<p>Oder auf Le Tounut einfach die Seele baumeln lassen und die Natur genie\u00dfen!!<\/p>\n<p><strong><em>Ihr k\u00f6nnt beim Gastgeber auch eine gef\u00fchrte Bergtour durch die Pyren\u00e4en buchen.<\/em><\/strong><\/p>\n<p><strong>LE TOUR DE FRANCE\u00a0<\/strong><\/p>\n<p><strong><img loading=\"lazy\" class=\"alignnone size-full wp-image-198\" src=\"http:\/\/vollwertferien.de\/wp-content\/uploads\/2017\/05\/TourdeFrance.jpg\" alt=\"\" width=\"698\" height=\"466\" srcset=\"https:\/\/vollwertferien.de\/wp-content\/uploads\/2017\/05\/TourdeFrance.jpg 698w, https:\/\/vollwertferien.de\/wp-content\/uploads\/2017\/05\/TourdeFrance-300x200.jpg 300w\" sizes=\"(max-width: 698px) 100vw, 698px\" \/><\/strong><\/p>\n<p><strong>und wir wieder fast mitten drin !<\/strong><\/p>\n<p><a href=\"http:\/\/www.veggie-hotels.de\/\"><img src=\"http:\/\/www.veggie-hotels.de\/index.php?rex_resize=171w__logo_veggie-hotels_de_q_1000.png\" border=\"0\" \/><\/a><\/p>\n\n\n<p><\/p>\n","protected":false},"excerpt":{"rendered":"<p>Interessante Internetseiten von unseren Partnern bzw. Themen, die lesenswert sind Aus der Region und aktuelles: \u00a0Tourismus Okzitanien\u00a0http:\/\/www.tourismus-okzitanien.de\/ \u00a0Keramik Werkst\u00e4tte und einer der sch\u00f6nsten G\u00e4rten 4 ha Frankreichs http:\/\/www.poterie.fr \u00a0Laufcamp in Salerm f\u00fcr Anf\u00e4nger und Fortgeschrittene www.laufschule-mueller.com\u00a0 \u00a0Kitesurfen lernen einfach, sicher und schnell http:\/\/www.kite-fun.eu Wissenswertes: Der Vegetarier Bund Deutschland e.V. http:\/\/www.proveg.com\u00a0 \u00a0Besser Leben http:\/\/www.kent-depesche.com\/ \u00a0Gesellschaft f\u00fcr [&hellip;]<\/p>\n","protected":false},"author":1,"featured_media":0,"parent":0,"menu_order":0,"comment_status":"closed","ping_status":"closed","template":"","meta":[],"_links":{"self":[{"href":"https:\/\/vollwertferien.de\/index.php?rest_route=\/wp\/v2\/pages\/38"}],"collection":[{"href":"https:\/\/vollwertferien.de\/index.php?rest_route=\/wp\/v2\/pages"}],"about":[{"href":"https:\/\/vollwertferien.de\/index.php?rest_route=\/wp\/v2\/types\/page"}],"author":[{"embeddable":true,"href":"https:\/\/vollwertferien.de\/index.php?rest_route=\/wp\/v2\/users\/1"}],"replies":[{"embeddable":true,"href":"https:\/\/vollwertferien.de\/index.php?rest_route=%2Fwp%2Fv2%2Fcomments&post=38"}],"version-history":[{"count":13,"href":"https:\/\/vollwertferien.de\/index.php?rest_route=\/wp\/v2\/pages\/38\/revisions"}],"predecessor-version":[{"id":235,"href":"https:\/\/vollwertferien.de\/index.php?rest_route=\/wp\/v2\/pages\/38\/revisions\/235"}],"wp:attachment":[{"href":"https:\/\/vollwertferien.de\/index.php?rest_route=%2Fwp%2Fv2%2Fmedia&parent=38"}],"curies":[{"name":"wp","href":"https:\/\/api.w.org\/{rel}","templated":true}]}}